{"id":3431,"date":"2024-10-22T12:52:13","date_gmt":"2024-10-22T10:52:13","guid":{"rendered":"https:\/\/scuderiequirinale.it\/albo-prestatori\/"},"modified":"2024-10-28T12:54:43","modified_gmt":"2024-10-28T11:54:43","slug":"albo-prestatori","status":"publish","type":"page","link":"https:\/\/scuderiequirinale.it\/en\/albo-prestatori\/","title":{"rendered":"Register of lenders"},"content":{"rendered":"\n<div class=\"wp-block-columns are-vertically-aligned-center is-layout-flex wp-container-core-columns-is-layout-1 wp-block-columns-is-layout-flex\">\n<div class=\"wp-block-column is-vertically-aligned-center is-layout-flow wp-block-column-is-layout-flow\" style=\"flex-basis:30%\">\n<h3 class=\"wp-block-heading has-gray-dark-color has-text-color has-medium-font-size\">Museo Nazionale Romano<\/h3>\n<\/div>\n\n\n\n<div class=\"wp-block-column is-vertically-aligned-center is-layout-flow wp-block-column-is-layout-flow\" style=\"flex-basis:25%\">\n<div class=\"wp-block-buttons is-vertical is-layout-flex wp-container-core-buttons-is-layout-1 wp-block-buttons-is-layout-flex\">\n<div class=\"wp-block-button has-custom-width wp-block-button__width-50 has-custom-font-size has-small-font-size\"><a class=\"wp-block-button__link wp-element-button\" href=\"https:\/\/museonazionaleromano.beniculturali.it\/\" target=\"_blank\" rel=\"noreferrer noopener\">Vai al sito<\/a><\/div>\n<\/div>\n<\/div>\n\n\n\n<div class=\"wp-block-column is-layout-flow wp-block-column-is-layout-flow\" style=\"flex-basis:45%\"><\/div>\n<\/div>\n\n\n\n<div class=\"wp-block-columns are-vertically-aligned-center is-layout-flex wp-container-core-columns-is-layout-2 wp-block-columns-is-layout-flex\">\n<div class=\"wp-block-column is-vertically-aligned-center is-layout-flow wp-block-column-is-layout-flow\" style=\"flex-basis:30%\">\n<h3 class=\"wp-block-heading has-medium-font-size\">Galleria degli Uffizi<\/h3>\n<\/div>\n\n\n\n<div class=\"wp-block-column is-vertically-aligned-center is-layout-flow wp-block-column-is-layout-flow\" style=\"flex-basis:25%\">\n<div class=\"wp-block-buttons is-vertical is-layout-flex wp-container-core-buttons-is-layout-2 wp-block-buttons-is-layout-flex\">\n<div class=\"wp-block-button has-custom-width wp-block-button__width-50 has-custom-font-size has-small-font-size\"><a class=\"wp-block-button__link wp-element-button\" href=\"https:\/\/www.uffizi.it\" target=\"_blank\" rel=\"noreferrer noopener\">Vai al sito<\/a><\/div>\n<\/div>\n<\/div>\n\n\n\n<div class=\"wp-block-column is-layout-flow wp-block-column-is-layout-flow\" style=\"flex-basis:45%\"><\/div>\n<\/div>\n\n\n\n<div class=\"wp-block-columns are-vertically-aligned-center is-layout-flex wp-container-core-columns-is-layout-3 wp-block-columns-is-layout-flex\">\n<div class=\"wp-block-column is-vertically-aligned-center is-layout-flow wp-block-column-is-layout-flow\" style=\"flex-basis:30%\">\n<h3 class=\"wp-block-heading has-medium-font-size\">Musei Capitolini<\/h3>\n<\/div>\n\n\n\n<div class=\"wp-block-column is-vertically-aligned-center is-layout-flow wp-block-column-is-layout-flow\" style=\"flex-basis:25%\">\n<div class=\"wp-block-buttons is-vertical is-layout-flex wp-container-core-buttons-is-layout-3 wp-block-buttons-is-layout-flex\">\n<div class=\"wp-block-button has-custom-width wp-block-button__width-50 has-custom-font-size has-small-font-size\"><a class=\"wp-block-button__link wp-element-button\" href=\"https:\/\/www.museicapitolini.org\" target=\"_blank\" rel=\"noreferrer noopener\">Vai al sito<\/a><\/div>\n<\/div>\n<\/div>\n\n\n\n<div class=\"wp-block-column is-layout-flow wp-block-column-is-layout-flow\" style=\"flex-basis:45%\"><\/div>\n<\/div>\n\n\n\n<div class=\"wp-block-columns are-vertically-aligned-center is-layout-flex wp-container-core-columns-is-layout-4 wp-block-columns-is-layout-flex\">\n<div class=\"wp-block-column is-vertically-aligned-center is-layout-flow wp-block-column-is-layout-flow\" style=\"flex-basis:30%\">\n<h3 class=\"wp-block-heading has-medium-font-size\">Albertina<\/h3>\n<\/div>\n\n\n\n<div class=\"wp-block-column is-vertically-aligned-center is-layout-flow wp-block-column-is-layout-flow\" style=\"flex-basis:25%\">\n<div class=\"wp-block-buttons is-vertical is-layout-flex wp-container-core-buttons-is-layout-4 wp-block-buttons-is-layout-flex\">\n<div class=\"wp-block-button has-custom-width wp-block-button__width-50 has-custom-font-size has-small-font-size\"><a class=\"wp-block-button__link wp-element-button\" href=\"https:\/\/www.albertina.at\/en\/lang\/it\/\" target=\"_blank\" rel=\"noreferrer noopener\">Vai al sito<\/a><\/div>\n<\/div>\n<\/div>\n\n\n\n<div class=\"wp-block-column is-layout-flow wp-block-column-is-layout-flow\" style=\"flex-basis:45%\"><\/div>\n<\/div>\n\n\n\n<div class=\"wp-block-columns are-vertically-aligned-center is-layout-flex wp-container-core-columns-is-layout-5 wp-block-columns-is-layout-flex\">\n<div class=\"wp-block-column is-vertically-aligned-center is-layout-flow wp-block-column-is-layout-flow\" style=\"flex-basis:30%\">\n<h3 class=\"wp-block-heading has-medium-font-size\">Collezione Alexandre Wakhevitch<\/h3>\n<\/div>\n\n\n\n<div class=\"wp-block-column is-vertically-aligned-center is-layout-flow wp-block-column-is-layout-flow\" style=\"flex-basis:25%\">\n<div class=\"wp-block-buttons is-vertical is-layout-flex wp-container-core-buttons-is-layout-5 wp-block-buttons-is-layout-flex\"><\/div>\n<\/div>\n\n\n\n<div class=\"wp-block-column is-layout-flow wp-block-column-is-layout-flow\" style=\"flex-basis:45%\"><\/div>\n<\/div>\n\n\n\n<div class=\"wp-block-columns are-vertically-aligned-center is-layout-flex wp-container-core-columns-is-layout-6 wp-block-columns-is-layout-flex\">\n<div class=\"wp-block-column is-vertically-aligned-center is-layout-flow wp-block-column-is-layout-flow\" style=\"flex-basis:30%\">\n<h3 class=\"wp-block-heading has-medium-font-size\">Biblioteca Apostolica Vaticana<\/h3>\n<\/div>\n\n\n\n<div class=\"wp-block-column is-vertically-aligned-center is-layout-flow wp-block-column-is-layout-flow\" style=\"flex-basis:25%\">\n<div class=\"wp-block-buttons is-vertical is-layout-flex wp-container-core-buttons-is-layout-6 wp-block-buttons-is-layout-flex\">\n<div class=\"wp-block-button has-custom-width wp-block-button__width-50 has-custom-font-size has-small-font-size\"><a class=\"wp-block-button__link wp-element-button\" href=\"https:\/\/www.albertina.at\/en\/lang\/it\/\">Vai al sito<\/a><\/div>\n<\/div>\n<\/div>\n\n\n\n<div class=\"wp-block-column is-layout-flow wp-block-column-is-layout-flow\" style=\"flex-basis:45%\"><\/div>\n<\/div>\n\n\n\n<div class=\"wp-block-columns are-vertically-aligned-center is-layout-flex wp-container-core-columns-is-layout-7 wp-block-columns-is-layout-flex\">\n<div class=\"wp-block-column is-vertically-aligned-center is-layout-flow wp-block-column-is-layout-flow\" style=\"flex-basis:30%\">\n<h3 class=\"wp-block-heading has-medium-font-size\">Musei Vaticani<\/h3>\n<\/div>\n\n\n\n<div class=\"wp-block-column is-vertically-aligned-center is-layout-flow wp-block-column-is-layout-flow\" style=\"flex-basis:25%\">\n<div class=\"wp-block-buttons is-vertical is-layout-flex wp-container-core-buttons-is-layout-7 wp-block-buttons-is-layout-flex\">\n<div class=\"wp-block-button has-custom-width wp-block-button__width-50 has-custom-font-size has-small-font-size\"><a class=\"wp-block-button__link wp-element-button\" href=\"https:\/\/www.museivaticani.va\/content\/museivaticani\/it.html\" target=\"_blank\" rel=\"noreferrer noopener\">Vai al sito<\/a><\/div>\n<\/div>\n<\/div>\n\n\n\n<div class=\"wp-block-column is-layout-flow wp-block-column-is-layout-flow\" style=\"flex-basis:45%\"><\/div>\n<\/div>\n\n\n\n<div class=\"wp-block-columns are-vertically-aligned-center is-layout-flex wp-container-core-columns-is-layout-8 wp-block-columns-is-layout-flex\">\n<div class=\"wp-block-column is-vertically-aligned-center is-layout-flow wp-block-column-is-layout-flow\" style=\"flex-basis:30%\">\n<h3 class=\"wp-block-heading has-medium-font-size\">Mus\u00e9es de la Ville de B\u00e9ziers<\/h3>\n<\/div>\n\n\n\n<div class=\"wp-block-column is-vertically-aligned-center is-layout-flow wp-block-column-is-layout-flow\" style=\"flex-basis:25%\">\n<div class=\"wp-block-buttons is-vertical is-layout-flex wp-container-core-buttons-is-layout-8 wp-block-buttons-is-layout-flex\"><\/div>\n<\/div>\n\n\n\n<div class=\"wp-block-column is-layout-flow wp-block-column-is-layout-flow\" style=\"flex-basis:45%\"><\/div>\n<\/div>\n\n\n\n<div class=\"wp-block-columns are-vertically-aligned-center is-layout-flex wp-container-core-columns-is-layout-9 wp-block-columns-is-layout-flex\">\n<div class=\"wp-block-column is-vertically-aligned-center is-layout-flow wp-block-column-is-layout-flow\" style=\"flex-basis:30%\">\n<h3 class=\"wp-block-heading has-medium-font-size\">Mus\u00e9e des Beaux-Arts<\/h3>\n<\/div>\n\n\n\n<div class=\"wp-block-column is-vertically-aligned-center is-layout-flow wp-block-column-is-layout-flow\" style=\"flex-basis:25%\">\n<div class=\"wp-block-buttons is-vertical is-layout-flex wp-container-core-buttons-is-layout-9 wp-block-buttons-is-layout-flex\">\n<div class=\"wp-block-button has-custom-width wp-block-button__width-50 has-custom-font-size has-small-font-size\"><a class=\"wp-block-button__link wp-element-button\" href=\"https:\/\/www.orleans.fr\/que-faire-a-orleans\/musees\/musee-des-beaux-arts\" target=\"_blank\" rel=\"noreferrer noopener\">Vai al sito<\/a><\/div>\n<\/div>\n<\/div>\n\n\n\n<div class=\"wp-block-column is-layout-flow wp-block-column-is-layout-flow\" style=\"flex-basis:45%\"><\/div>\n<\/div>\n\n\n\n<div class=\"wp-block-columns are-vertically-aligned-center is-layout-flex wp-container-core-columns-is-layout-10 wp-block-columns-is-layout-flex\">\n<div class=\"wp-block-column is-vertically-aligned-center is-layout-flow wp-block-column-is-layout-flow\" style=\"flex-basis:30%\">\n<h3 class=\"wp-block-heading has-medium-font-size\">Mus\u00e9e du Louvre &#8211; D\u00e9partement des Arts Graphiques<\/h3>\n<\/div>\n\n\n\n<div class=\"wp-block-column is-vertically-aligned-center is-layout-flow wp-block-column-is-layout-flow\" style=\"flex-basis:25%\">\n<div class=\"wp-block-buttons is-vertical is-layout-flex wp-container-core-buttons-is-layout-10 wp-block-buttons-is-layout-flex\">\n<div class=\"wp-block-button has-custom-width wp-block-button__width-50 has-custom-font-size has-small-font-size\"><a class=\"wp-block-button__link wp-element-button\" href=\"https:\/\/www.louvre.fr\/recherche-et-conservation\/departement-des-arts-graphiques\" target=\"_blank\" rel=\"noreferrer noopener\">Vai al sito<\/a><\/div>\n<\/div>\n<\/div>\n\n\n\n<div class=\"wp-block-column is-layout-flow wp-block-column-is-layout-flow\" style=\"flex-basis:45%\"><\/div>\n<\/div>\n\n\n\n<div class=\"wp-block-columns are-vertically-aligned-center is-layout-flex wp-container-core-columns-is-layout-11 wp-block-columns-is-layout-flex\">\n<div class=\"wp-block-column is-vertically-aligned-center is-layout-flow wp-block-column-is-layout-flow\" style=\"flex-basis:30%\">\n<h3 class=\"wp-block-heading has-gray-dark-color has-text-color has-medium-font-size\">Mus\u00e9e du Louvre &#8211; D\u00e9partement des Peintures<\/h3>\n<\/div>\n\n\n\n<div class=\"wp-block-column is-vertically-aligned-center is-layout-flow wp-block-column-is-layout-flow\" style=\"flex-basis:25%\">\n<div class=\"wp-block-buttons is-vertical is-layout-flex wp-container-core-buttons-is-layout-11 wp-block-buttons-is-layout-flex\">\n<div class=\"wp-block-button has-custom-width wp-block-button__width-50 has-custom-font-size has-small-font-size\"><a class=\"wp-block-button__link wp-element-button\" href=\"https:\/\/www.louvre.fr\/recherche-et-conservation\/departement-des-peintures\" target=\"_blank\" rel=\"noreferrer noopener\">Vai al sito<\/a><\/div>\n<\/div>\n<\/div>\n\n\n\n<div class=\"wp-block-column is-layout-flow wp-block-column-is-layout-flow\" style=\"flex-basis:45%\"><\/div>\n<\/div>\n\n\n\n<div class=\"wp-block-columns are-vertically-aligned-center is-layout-flex wp-container-core-columns-is-layout-12 wp-block-columns-is-layout-flex\">\n<div class=\"wp-block-column is-vertically-aligned-center is-layout-flow wp-block-column-is-layout-flow\" style=\"flex-basis:30%\">\n<h3 class=\"wp-block-heading has-gray-dark-color has-text-color has-medium-font-size\">Staatliche Museen zu Berlin &#8211; Kupferstichkabinett<\/h3>\n<\/div>\n\n\n\n<div class=\"wp-block-column is-vertically-aligned-center is-layout-flow wp-block-column-is-layout-flow\" style=\"flex-basis:25%\">\n<div class=\"wp-block-buttons is-vertical is-layout-flex wp-container-core-buttons-is-layout-12 wp-block-buttons-is-layout-flex\">\n<div class=\"wp-block-button has-custom-width wp-block-button__width-50 has-custom-font-size has-small-font-size\"><a class=\"wp-block-button__link wp-element-button\" href=\"https:\/\/www.smb.museum\/en\/museums-institutions\/kupferstichkabinett\/home\/\" target=\"_blank\" rel=\"noreferrer noopener\">Vai al sito<\/a><\/div>\n<\/div>\n<\/div>\n\n\n\n<div class=\"wp-block-column is-layout-flow wp-block-column-is-layout-flow\" style=\"flex-basis:45%\"><\/div>\n<\/div>\n\n\n\n<div class=\"wp-block-columns are-vertically-aligned-center is-layout-flex wp-container-core-columns-is-layout-13 wp-block-columns-is-layout-flex\">\n<div class=\"wp-block-column is-vertically-aligned-center is-layout-flow wp-block-column-is-layout-flow\" style=\"flex-basis:30%\">\n<h3 class=\"wp-block-heading has-gray-dark-color has-text-color has-medium-font-size\">Staatliche Kunstsammlungen Dresden Skulpturensammlung<\/h3>\n<\/div>\n\n\n\n<div class=\"wp-block-column is-vertically-aligned-center is-layout-flow wp-block-column-is-layout-flow\" style=\"flex-basis:25%\">\n<div class=\"wp-block-buttons is-vertical is-layout-flex wp-container-core-buttons-is-layout-13 wp-block-buttons-is-layout-flex\">\n<div class=\"wp-block-button has-custom-width wp-block-button__width-50 has-custom-font-size has-small-font-size\"><a class=\"wp-block-button__link wp-element-button\" href=\"https:\/\/skulpturensammlung.skd.museum\/\" target=\"_blank\" rel=\"noreferrer noopener\">Vai al sito<\/a><\/div>\n<\/div>\n<\/div>\n\n\n\n<div class=\"wp-block-column is-layout-flow wp-block-column-is-layout-flow\" style=\"flex-basis:45%\"><\/div>\n<\/div>\n\n\n\n<div class=\"wp-block-columns are-vertically-aligned-center is-layout-flex wp-container-core-columns-is-layout-14 wp-block-columns-is-layout-flex\">\n<div class=\"wp-block-column is-vertically-aligned-center is-layout-flow wp-block-column-is-layout-flow\" style=\"flex-basis:30%\">\n<h3 class=\"wp-block-heading has-gray-dark-color has-text-color has-medium-font-size\">Claudia Zell-Schoeppler<\/h3>\n<\/div>\n\n\n\n<div class=\"wp-block-column is-vertically-aligned-center is-layout-flow wp-block-column-is-layout-flow\" style=\"flex-basis:25%\">\n<div class=\"wp-block-buttons is-vertical is-layout-flex wp-container-core-buttons-is-layout-14 wp-block-buttons-is-layout-flex\"><\/div>\n<\/div>\n\n\n\n<div class=\"wp-block-column is-layout-flow wp-block-column-is-layout-flow\" style=\"flex-basis:45%\"><\/div>\n<\/div>\n\n\n\n<div class=\"wp-block-columns are-vertically-aligned-center is-layout-flex wp-container-core-columns-is-layout-15 wp-block-columns-is-layout-flex\">\n<div class=\"wp-block-column is-vertically-aligned-center is-layout-flow wp-block-column-is-layout-flow\" style=\"flex-basis:30%\">\n<h3 class=\"wp-block-heading has-gray-dark-color has-text-color has-medium-font-size\">St\u00e4del Museum<\/h3>\n<\/div>\n\n\n\n<div class=\"wp-block-column is-vertically-aligned-center is-layout-flow wp-block-column-is-layout-flow\" style=\"flex-basis:25%\">\n<div class=\"wp-block-buttons is-vertical is-layout-flex wp-container-core-buttons-is-layout-15 wp-block-buttons-is-layout-flex\">\n<div class=\"wp-block-button has-custom-width wp-block-button__width-50 has-custom-font-size has-small-font-size\"><a class=\"wp-block-button__link wp-element-button\" href=\"https:\/\/www.staedelmuseum.de\/en\/\" target=\"_blank\" rel=\"noreferrer noopener\">Vai al sito<\/a><\/div>\n<\/div>\n<\/div>\n\n\n\n<div class=\"wp-block-column is-layout-flow wp-block-column-is-layout-flow\" style=\"flex-basis:45%\"><\/div>\n<\/div>\n\n\n\n<div class=\"wp-block-columns are-vertically-aligned-center is-layout-flex wp-container-core-columns-is-layout-16 wp-block-columns-is-layout-flex\">\n<div class=\"wp-block-column is-vertically-aligned-center is-layout-flow wp-block-column-is-layout-flow\" style=\"flex-basis:30%\">\n<h3 class=\"wp-block-heading has-gray-dark-color has-text-color has-medium-font-size\">Fondazione Accademia Carrara<\/h3>\n<\/div>\n\n\n\n<div class=\"wp-block-column is-vertically-aligned-center is-layout-flow wp-block-column-is-layout-flow\" style=\"flex-basis:25%\">\n<div class=\"wp-block-buttons is-vertical is-layout-flex wp-container-core-buttons-is-layout-16 wp-block-buttons-is-layout-flex\">\n<div class=\"wp-block-button has-custom-width wp-block-button__width-50 has-custom-font-size has-small-font-size\"><a class=\"wp-block-button__link wp-element-button\" href=\"https:\/\/www.lacarrara.it\/\" target=\"_blank\" rel=\"noreferrer noopener\">Vai al sito<\/a><\/div>\n<\/div>\n<\/div>\n\n\n\n<div class=\"wp-block-column is-layout-flow wp-block-column-is-layout-flow\" style=\"flex-basis:45%\"><\/div>\n<\/div>\n\n\n\n<div class=\"wp-block-columns are-vertically-aligned-center is-layout-flex wp-container-core-columns-is-layout-17 wp-block-columns-is-layout-flex\">\n<div class=\"wp-block-column is-vertically-aligned-center is-layout-flow wp-block-column-is-layout-flow\" style=\"flex-basis:30%\">\n<h3 class=\"wp-block-heading has-gray-dark-color has-text-color has-medium-font-size\">Fondantico di Tiziana Sassoli<\/h3>\n<\/div>\n\n\n\n<div class=\"wp-block-column is-vertically-aligned-center is-layout-flow wp-block-column-is-layout-flow\" style=\"flex-basis:25%\">\n<div class=\"wp-block-buttons is-vertical is-layout-flex wp-container-core-buttons-is-layout-17 wp-block-buttons-is-layout-flex\">\n<div class=\"wp-block-button has-custom-width wp-block-button__width-50 has-custom-font-size has-small-font-size\"><a class=\"wp-block-button__link wp-element-button\" href=\"https:\/\/www.fondantico.it\/it\/\" target=\"_blank\" rel=\"noreferrer noopener\">Vai al sito<\/a><\/div>\n<\/div>\n<\/div>\n\n\n\n<div class=\"wp-block-column is-layout-flow wp-block-column-is-layout-flow\" style=\"flex-basis:45%\"><\/div>\n<\/div>\n\n\n\n<div class=\"wp-block-columns are-vertically-aligned-center is-layout-flex wp-container-core-columns-is-layout-18 wp-block-columns-is-layout-flex\">\n<div class=\"wp-block-column is-vertically-aligned-center is-layout-flow wp-block-column-is-layout-flow\" style=\"flex-basis:30%\">\n<h3 class=\"wp-block-heading has-gray-dark-color has-text-color has-medium-font-size\">Museo Civico Medievale &#8211; Comune di Bologna<\/h3>\n<\/div>\n\n\n\n<div class=\"wp-block-column is-vertically-aligned-center is-layout-flow wp-block-column-is-layout-flow\" style=\"flex-basis:25%\">\n<div class=\"wp-block-buttons is-vertical is-layout-flex wp-container-core-buttons-is-layout-18 wp-block-buttons-is-layout-flex\">\n<div class=\"wp-block-button has-custom-width wp-block-button__width-50 has-custom-font-size has-small-font-size\"><a class=\"wp-block-button__link wp-element-button\" href=\"https:\/\/www.museibologna.it\/medievale\/\" target=\"_blank\" rel=\"noreferrer noopener\">Vai al sito<\/a><\/div>\n<\/div>\n<\/div>\n\n\n\n<div class=\"wp-block-column is-layout-flow wp-block-column-is-layout-flow\" style=\"flex-basis:45%\"><\/div>\n<\/div>\n\n\n\n<div class=\"wp-block-columns are-vertically-aligned-center is-layout-flex wp-container-core-columns-is-layout-19 wp-block-columns-is-layout-flex\">\n<div class=\"wp-block-column is-vertically-aligned-center is-layout-flow wp-block-column-is-layout-flow\" style=\"flex-basis:30%\">\n<h3 class=\"wp-block-heading has-gray-dark-color has-text-color has-medium-font-size\">Pinacoteca Nazionale di Bologna<\/h3>\n<\/div>\n\n\n\n<div class=\"wp-block-column is-vertically-aligned-center is-layout-flow wp-block-column-is-layout-flow\" style=\"flex-basis:25%\">\n<div class=\"wp-block-buttons is-vertical is-layout-flex wp-container-core-buttons-is-layout-19 wp-block-buttons-is-layout-flex\">\n<div class=\"wp-block-button has-custom-width wp-block-button__width-50 has-custom-font-size has-small-font-size\"><a class=\"wp-block-button__link wp-element-button\" href=\"https:\/\/pinacotecabologna.beniculturali.it\/it\/\" target=\"_blank\" rel=\"noreferrer noopener\">Vai al sito<\/a><\/div>\n<\/div>\n<\/div>\n\n\n\n<div class=\"wp-block-column is-layout-flow wp-block-column-is-layout-flow\" style=\"flex-basis:45%\"><\/div>\n<\/div>\n\n\n\n<div class=\"wp-block-columns are-vertically-aligned-center is-layout-flex wp-container-core-columns-is-layout-20 wp-block-columns-is-layout-flex\">\n<div class=\"wp-block-column is-vertically-aligned-center is-layout-flow wp-block-column-is-layout-flow\" style=\"flex-basis:30%\">\n<h3 class=\"wp-block-heading has-gray-dark-color has-text-color has-medium-font-size\">Fondazione Cassa di Risparmio di Cento<\/h3>\n<\/div>\n\n\n\n<div class=\"wp-block-column is-vertically-aligned-center is-layout-flow wp-block-column-is-layout-flow\" style=\"flex-basis:25%\">\n<div class=\"wp-block-buttons is-vertical is-layout-flex wp-container-core-buttons-is-layout-20 wp-block-buttons-is-layout-flex\">\n<div class=\"wp-block-button has-custom-width wp-block-button__width-50 has-custom-font-size has-small-font-size\"><a class=\"wp-block-button__link wp-element-button\" href=\"https:\/\/www.fondazionecrcento.it\/\" target=\"_blank\" rel=\"noreferrer noopener\">Vai al sito<\/a><\/div>\n<\/div>\n<\/div>\n\n\n\n<div class=\"wp-block-column is-layout-flow wp-block-column-is-layout-flow\" style=\"flex-basis:45%\"><\/div>\n<\/div>\n\n\n\n<div class=\"wp-block-columns are-vertically-aligned-center is-layout-flex wp-container-core-columns-is-layout-21 wp-block-columns-is-layout-flex\">\n<div class=\"wp-block-column is-vertically-aligned-center is-layout-flow wp-block-column-is-layout-flow\" style=\"flex-basis:30%\">\n<h3 class=\"wp-block-heading has-gray-dark-color has-text-color has-medium-font-size\">Pinacoteca Civica &#8220;Il Guercino&#8221;<\/h3>\n<\/div>\n\n\n\n<div class=\"wp-block-column is-vertically-aligned-center is-layout-flow wp-block-column-is-layout-flow\" style=\"flex-basis:25%\">\n<div class=\"wp-block-buttons is-vertical is-layout-flex wp-container-core-buttons-is-layout-21 wp-block-buttons-is-layout-flex\">\n<div class=\"wp-block-button has-custom-width wp-block-button__width-50 has-custom-font-size has-small-font-size\"><a class=\"wp-block-button__link wp-element-button\" href=\"https:\/\/www.civicapinacotecailguercino.it\/\" target=\"_blank\" rel=\"noreferrer noopener\">Vai al sito<\/a><\/div>\n<\/div>\n<\/div>\n\n\n\n<div class=\"wp-block-column is-layout-flow wp-block-column-is-layout-flow\" style=\"flex-basis:45%\"><\/div>\n<\/div>\n\n\n\n<div class=\"wp-block-columns are-vertically-aligned-center is-layout-flex wp-container-core-columns-is-layout-22 wp-block-columns-is-layout-flex\">\n<div class=\"wp-block-column is-vertically-aligned-center is-layout-flow wp-block-column-is-layout-flow\" style=\"flex-basis:30%\">\n<h3 class=\"wp-block-heading has-gray-dark-color has-text-color has-medium-font-size\">Ennio Manuzzi<\/h3>\n<\/div>\n\n\n\n<div class=\"wp-block-column is-vertically-aligned-center is-layout-flow wp-block-column-is-layout-flow\" style=\"flex-basis:25%\">\n<div class=\"wp-block-buttons is-vertical is-layout-flex wp-container-core-buttons-is-layout-22 wp-block-buttons-is-layout-flex\"><\/div>\n<\/div>\n\n\n\n<div class=\"wp-block-column is-layout-flow wp-block-column-is-layout-flow\" style=\"flex-basis:45%\"><\/div>\n<\/div>\n\n\n\n<div class=\"wp-block-columns are-vertically-aligned-center is-layout-flex wp-container-core-columns-is-layout-23 wp-block-columns-is-layout-flex\">\n<div class=\"wp-block-column is-vertically-aligned-center is-layout-flow wp-block-column-is-layout-flow\" style=\"flex-basis:30%\">\n<h3 class=\"wp-block-heading has-gray-dark-color has-text-color has-medium-font-size\">Accademia Toscana di Scienze e Lettere &#8220;La Colombaria&#8221;<\/h3>\n<\/div>\n\n\n\n<div class=\"wp-block-column is-vertically-aligned-center is-layout-flow wp-block-column-is-layout-flow\" style=\"flex-basis:25%\">\n<div class=\"wp-block-buttons is-vertical is-layout-flex wp-container-core-buttons-is-layout-23 wp-block-buttons-is-layout-flex\">\n<div class=\"wp-block-button has-custom-width wp-block-button__width-50 has-custom-font-size has-small-font-size\"><a class=\"wp-block-button__link wp-element-button\" href=\"https:\/\/www.colombaria.it\/\" target=\"_blank\" rel=\"noreferrer noopener\">Vai al sito<\/a><\/div>\n<\/div>\n<\/div>\n\n\n\n<div class=\"wp-block-column is-layout-flow wp-block-column-is-layout-flow\" style=\"flex-basis:45%\"><\/div>\n<\/div>\n\n\n\n<div class=\"wp-block-columns are-vertically-aligned-center is-layout-flex wp-container-core-columns-is-layout-24 wp-block-columns-is-layout-flex\">\n<div class=\"wp-block-column is-vertically-aligned-center is-layout-flow wp-block-column-is-layout-flow\" style=\"flex-basis:30%\">\n<h3 class=\"wp-block-heading has-gray-dark-color has-text-color has-medium-font-size\">Museo dell&#8217;Opificio delle Pietre Dure<\/h3>\n<\/div>\n\n\n\n<div class=\"wp-block-column is-vertically-aligned-center is-layout-flow wp-block-column-is-layout-flow\" style=\"flex-basis:25%\">\n<div class=\"wp-block-buttons is-vertical is-layout-flex wp-container-core-buttons-is-layout-24 wp-block-buttons-is-layout-flex\">\n<div class=\"wp-block-button has-custom-width wp-block-button__width-50 has-custom-font-size has-small-font-size\"><a class=\"wp-block-button__link wp-element-button\" href=\"https:\/\/opificiodellepietredure.cultura.gov.it\/\" target=\"_blank\" rel=\"noreferrer noopener\">Vai al sito<\/a><\/div>\n<\/div>\n<\/div>\n\n\n\n<div class=\"wp-block-column is-layout-flow wp-block-column-is-layout-flow\" style=\"flex-basis:45%\"><\/div>\n<\/div>\n\n\n\n<div class=\"wp-block-columns are-vertically-aligned-center is-layout-flex wp-container-core-columns-is-layout-25 wp-block-columns-is-layout-flex\">\n<div class=\"wp-block-column is-vertically-aligned-center is-layout-flow wp-block-column-is-layout-flow\" style=\"flex-basis:30%\">\n<h3 class=\"wp-block-heading has-gray-dark-color has-text-color has-medium-font-size\">Musei del Bargello<\/h3>\n<\/div>\n\n\n\n<div class=\"wp-block-column is-vertically-aligned-center is-layout-flow wp-block-column-is-layout-flow\" style=\"flex-basis:25%\">\n<div class=\"wp-block-buttons is-vertical is-layout-flex wp-container-core-buttons-is-layout-25 wp-block-buttons-is-layout-flex\">\n<div class=\"wp-block-button has-custom-width wp-block-button__width-50 has-custom-font-size has-small-font-size\"><a class=\"wp-block-button__link wp-element-button\" href=\"https:\/\/bargellomusei.it\/\" target=\"_blank\" rel=\"noreferrer noopener\">Vai al sito<\/a><\/div>\n<\/div>\n<\/div>\n\n\n\n<div class=\"wp-block-column is-layout-flow wp-block-column-is-layout-flow\" style=\"flex-basis:45%\"><\/div>\n<\/div>\n\n\n\n<div class=\"wp-block-columns are-vertically-aligned-center is-layout-flex wp-container-core-columns-is-layout-26 wp-block-columns-is-layout-flex\">\n<div class=\"wp-block-column is-vertically-aligned-center is-layout-flow wp-block-column-is-layout-flow\" style=\"flex-basis:30%\">\n<h3 class=\"wp-block-heading has-gray-dark-color has-text-color has-medium-font-size\">Comune di Genova, Musei di Strada Nuova &#8211; Palazzo Bianco<\/h3>\n<\/div>\n\n\n\n<div class=\"wp-block-column is-vertically-aligned-center is-layout-flow wp-block-column-is-layout-flow\" style=\"flex-basis:25%\">\n<div class=\"wp-block-buttons is-vertical is-layout-flex wp-container-core-buttons-is-layout-26 wp-block-buttons-is-layout-flex\">\n<div class=\"wp-block-button has-custom-width wp-block-button__width-50 has-custom-font-size has-small-font-size\"><a class=\"wp-block-button__link wp-element-button\" href=\"https:\/\/www.museidigenova.it\/it\/palazzo-bianco\" target=\"_blank\" rel=\"noreferrer noopener\">Vai al sito<\/a><\/div>\n<\/div>\n<\/div>\n\n\n\n<div class=\"wp-block-column is-layout-flow wp-block-column-is-layout-flow\" style=\"flex-basis:45%\"><\/div>\n<\/div>\n\n\n\n<div class=\"wp-block-columns are-vertically-aligned-center is-layout-flex wp-container-core-columns-is-layout-27 wp-block-columns-is-layout-flex\">\n<div class=\"wp-block-column is-vertically-aligned-center is-layout-flow wp-block-column-is-layout-flow\" style=\"flex-basis:30%\">\n<h3 class=\"wp-block-heading has-gray-dark-color has-text-color has-medium-font-size\">Fondazione Maria Cosway<\/h3>\n<\/div>\n\n\n\n<div class=\"wp-block-column is-vertically-aligned-center is-layout-flow wp-block-column-is-layout-flow\" style=\"flex-basis:25%\">\n<div class=\"wp-block-buttons is-vertical is-layout-flex wp-container-core-buttons-is-layout-27 wp-block-buttons-is-layout-flex\">\n<div class=\"wp-block-button has-custom-width wp-block-button__width-50 has-custom-font-size has-small-font-size\"><a class=\"wp-block-button__link wp-element-button\" href=\"http:\/\/www.fondazionemariacosway.it\/fondazione.html\" target=\"_blank\" rel=\"noreferrer noopener\">Vai al sito<\/a><\/div>\n<\/div>\n<\/div>\n\n\n\n<div class=\"wp-block-column is-layout-flow wp-block-column-is-layout-flow\" style=\"flex-basis:45%\"><\/div>\n<\/div>\n\n\n\n<div class=\"wp-block-columns are-vertically-aligned-center is-layout-flex wp-container-core-columns-is-layout-28 wp-block-columns-is-layout-flex\">\n<div class=\"wp-block-column is-vertically-aligned-center is-layout-flow wp-block-column-is-layout-flow\" style=\"flex-basis:30%\">\n<h3 class=\"wp-block-heading has-gray-dark-color has-text-color has-medium-font-size\">Pinacoteca di Brera<\/h3>\n<\/div>\n\n\n\n<div class=\"wp-block-column is-vertically-aligned-center is-layout-flow wp-block-column-is-layout-flow\" style=\"flex-basis:25%\">\n<div class=\"wp-block-buttons is-vertical is-layout-flex wp-container-core-buttons-is-layout-28 wp-block-buttons-is-layout-flex\">\n<div class=\"wp-block-button has-custom-width wp-block-button__width-50 has-custom-font-size has-small-font-size\"><a class=\"wp-block-button__link wp-element-button\" href=\"https:\/\/pinacotecabrera.org\/en\/visit\/hours\/\" target=\"_blank\" rel=\"noreferrer noopener\">Vai al sito<\/a><\/div>\n<\/div>\n<\/div>\n\n\n\n<div class=\"wp-block-column is-layout-flow wp-block-column-is-layout-flow\" style=\"flex-basis:45%\"><\/div>\n<\/div>\n\n\n\n<div class=\"wp-block-columns are-vertically-aligned-center is-layout-flex wp-container-core-columns-is-layout-29 wp-block-columns-is-layout-flex\">\n<div class=\"wp-block-column is-vertically-aligned-center is-layout-flow wp-block-column-is-layout-flow\" style=\"flex-basis:30%\">\n<h3 class=\"wp-block-heading has-gray-dark-color has-text-color has-medium-font-size\">BPER Banca S.p.A.<\/h3>\n<\/div>\n\n\n\n<div class=\"wp-block-column is-vertically-aligned-center is-layout-flow wp-block-column-is-layout-flow\" style=\"flex-basis:25%\">\n<div class=\"wp-block-buttons is-vertical is-layout-flex wp-container-core-buttons-is-layout-29 wp-block-buttons-is-layout-flex\">\n<div class=\"wp-block-button has-custom-width wp-block-button__width-50 has-custom-font-size has-small-font-size\"><a class=\"wp-block-button__link wp-element-button\" href=\"https:\/\/www.bper.it\/\" target=\"_blank\" rel=\"noreferrer noopener\">Vai al sito<\/a><\/div>\n<\/div>\n<\/div>\n\n\n\n<div class=\"wp-block-column is-layout-flow wp-block-column-is-layout-flow\" style=\"flex-basis:45%\"><\/div>\n<\/div>\n\n\n\n<div class=\"wp-block-columns are-vertically-aligned-center is-layout-flex wp-container-core-columns-is-layout-30 wp-block-columns-is-layout-flex\">\n<div class=\"wp-block-column is-vertically-aligned-center is-layout-flow wp-block-column-is-layout-flow\" style=\"flex-basis:30%\">\n<h3 class=\"wp-block-heading has-gray-dark-color has-text-color has-medium-font-size\">Gallerie Estensi<\/h3>\n<\/div>\n\n\n\n<div class=\"wp-block-column is-vertically-aligned-center is-layout-flow wp-block-column-is-layout-flow\" style=\"flex-basis:25%\">\n<div class=\"wp-block-buttons is-vertical is-layout-flex wp-container-core-buttons-is-layout-30 wp-block-buttons-is-layout-flex\">\n<div class=\"wp-block-button has-custom-width wp-block-button__width-50 has-custom-font-size has-small-font-size\"><a class=\"wp-block-button__link wp-element-button\" href=\"https:\/\/gallerie-estensi.beniculturali.it\/\" target=\"_blank\" rel=\"noreferrer noopener\">Vai al sito<\/a><\/div>\n<\/div>\n<\/div>\n\n\n\n<div class=\"wp-block-column is-layout-flow wp-block-column-is-layout-flow\" style=\"flex-basis:45%\"><\/div>\n<\/div>\n\n\n\n<div class=\"wp-block-columns are-vertically-aligned-center is-layout-flex wp-container-core-columns-is-layout-31 wp-block-columns-is-layout-flex\">\n<div class=\"wp-block-column is-vertically-aligned-center is-layout-flow wp-block-column-is-layout-flow\" style=\"flex-basis:30%\">\n<h3 class=\"wp-block-heading has-gray-dark-color has-text-color has-medium-font-size\">Museo e Real Bosco di Capodimonte<\/h3>\n<\/div>\n\n\n\n<div class=\"wp-block-column is-vertically-aligned-center is-layout-flow wp-block-column-is-layout-flow\" style=\"flex-basis:25%\">\n<div class=\"wp-block-buttons is-vertical is-layout-flex wp-container-core-buttons-is-layout-31 wp-block-buttons-is-layout-flex\">\n<div class=\"wp-block-button has-custom-width wp-block-button__width-50 has-custom-font-size has-small-font-size\"><a class=\"wp-block-button__link wp-element-button\" href=\"https:\/\/capodimonte.cultura.gov.it\/\" target=\"_blank\" rel=\"noreferrer noopener\">Vai al sito<\/a><\/div>\n<\/div>\n<\/div>\n\n\n\n<div class=\"wp-block-column is-layout-flow wp-block-column-is-layout-flow\" style=\"flex-basis:45%\"><\/div>\n<\/div>\n\n\n\n<div class=\"wp-block-columns are-vertically-aligned-center is-layout-flex wp-container-core-columns-is-layout-32 wp-block-columns-is-layout-flex\">\n<div class=\"wp-block-column is-vertically-aligned-center is-layout-flow wp-block-column-is-layout-flow\" style=\"flex-basis:30%\">\n<h3 class=\"wp-block-heading has-gray-dark-color has-text-color has-medium-font-size\">Franco Signoretti<\/h3>\n<\/div>\n\n\n\n<div class=\"wp-block-column is-vertically-aligned-center is-layout-flow wp-block-column-is-layout-flow\" style=\"flex-basis:25%\">\n<div class=\"wp-block-buttons is-vertical is-layout-flex wp-container-core-buttons-is-layout-32 wp-block-buttons-is-layout-flex\">\n<div class=\"wp-block-button has-custom-width wp-block-button__width-50 has-custom-font-size has-small-font-size\"><a class=\"wp-block-button__link wp-element-button\" href=\"https:\/\/palazzoperticarisignoretti.it\/chi-siamo\/\" target=\"_blank\" rel=\"noreferrer noopener\">Vai al sito<\/a><\/div>\n<\/div>\n<\/div>\n\n\n\n<div class=\"wp-block-column is-layout-flow wp-block-column-is-layout-flow\" style=\"flex-basis:45%\"><\/div>\n<\/div>\n\n\n\n<div class=\"wp-block-columns are-vertically-aligned-center is-layout-flex wp-container-core-columns-is-layout-33 wp-block-columns-is-layout-flex\">\n<div class=\"wp-block-column is-vertically-aligned-center is-layout-flow wp-block-column-is-layout-flow\" style=\"flex-basis:30%\">\n<h3 class=\"wp-block-heading has-gray-dark-color has-text-color has-medium-font-size\">Basilica della Beata Vergine della Ghiara (Comune di Reggio Emilia)<\/h3>\n<\/div>\n\n\n\n<div class=\"wp-block-column is-vertically-aligned-center is-layout-flow wp-block-column-is-layout-flow\" style=\"flex-basis:25%\">\n<div class=\"wp-block-buttons is-vertical is-layout-flex wp-container-core-buttons-is-layout-33 wp-block-buttons-is-layout-flex\">\n<div class=\"wp-block-button has-custom-width wp-block-button__width-50 has-custom-font-size has-small-font-size\"><a class=\"wp-block-button__link wp-element-button\" href=\"https:\/\/www.basilicaghiara.it\/\" target=\"_blank\" rel=\"noreferrer noopener\">Vai al sito<\/a><\/div>\n<\/div>\n<\/div>\n\n\n\n<div class=\"wp-block-column is-layout-flow wp-block-column-is-layout-flow\" style=\"flex-basis:45%\"><\/div>\n<\/div>\n\n\n\n<div class=\"wp-block-columns are-vertically-aligned-center is-layout-flex wp-container-core-columns-is-layout-34 wp-block-columns-is-layout-flex\">\n<div class=\"wp-block-column is-vertically-aligned-center is-layout-flow wp-block-column-is-layout-flow\" style=\"flex-basis:30%\">\n<h3 class=\"wp-block-heading has-gray-dark-color has-text-color has-medium-font-size\">Galleria Doria Pamphilj <\/h3>\n<\/div>\n\n\n\n<div class=\"wp-block-column is-vertically-aligned-center is-layout-flow wp-block-column-is-layout-flow\" style=\"flex-basis:25%\">\n<div class=\"wp-block-buttons is-vertical is-layout-flex wp-container-core-buttons-is-layout-34 wp-block-buttons-is-layout-flex\">\n<div class=\"wp-block-button has-custom-width wp-block-button__width-50 has-custom-font-size has-small-font-size\"><a class=\"wp-block-button__link wp-element-button\" href=\"https:\/\/www.doriapamphilj.it\/roma\/\" target=\"_blank\" rel=\"noreferrer noopener\">Vai al sito<\/a><\/div>\n<\/div>\n<\/div>\n\n\n\n<div class=\"wp-block-column is-layout-flow wp-block-column-is-layout-flow\" style=\"flex-basis:45%\"><\/div>\n<\/div>\n\n\n\n<div class=\"wp-block-columns are-vertically-aligned-center is-layout-flex wp-container-core-columns-is-layout-35 wp-block-columns-is-layout-flex\">\n<div class=\"wp-block-column is-vertically-aligned-center is-layout-flow wp-block-column-is-layout-flow\" style=\"flex-basis:30%\">\n<h3 class=\"wp-block-heading has-gray-dark-color has-text-color has-medium-font-size\">Blue Cinema<\/h3>\n<\/div>\n\n\n\n<div class=\"wp-block-column is-vertically-aligned-center is-layout-flow wp-block-column-is-layout-flow\" style=\"flex-basis:25%\">\n<div class=\"wp-block-buttons is-vertical is-layout-flex wp-container-core-buttons-is-layout-35 wp-block-buttons-is-layout-flex\">\n<div class=\"wp-block-button has-custom-width wp-block-button__width-50 has-custom-font-size has-small-font-size\"><a class=\"wp-block-button__link wp-element-button\" href=\"https:\/\/bluecinematv.com\/\" target=\"_blank\" rel=\"noreferrer noopener\">Vai al sito<\/a><\/div>\n<\/div>\n<\/div>\n\n\n\n<div class=\"wp-block-column is-layout-flow wp-block-column-is-layout-flow\" style=\"flex-basis:45%\"><\/div>\n<\/div>\n\n\n\n<div class=\"wp-block-columns are-vertically-aligned-center is-layout-flex wp-container-core-columns-is-layout-36 wp-block-columns-is-layout-flex\">\n<div class=\"wp-block-column is-vertically-aligned-center is-layout-flow wp-block-column-is-layout-flow\" style=\"flex-basis:30%\">\n<h3 class=\"wp-block-heading has-gray-dark-color has-text-color has-medium-font-size\">Chiesa della Santissima Trinit\u00e0 dei Pellegrini (regione Lazio)<\/h3>\n<\/div>\n\n\n\n<div class=\"wp-block-column is-vertically-aligned-center is-layout-flow wp-block-column-is-layout-flow\" style=\"flex-basis:25%\">\n<div class=\"wp-block-buttons is-vertical is-layout-flex wp-container-core-buttons-is-layout-36 wp-block-buttons-is-layout-flex\">\n<div class=\"wp-block-button has-custom-width wp-block-button__width-50 has-custom-font-size has-small-font-size\"><a class=\"wp-block-button__link wp-element-button\" href=\"https:\/\/roma.fssp.it\/\" target=\"_blank\" rel=\"noreferrer noopener\">Vai al sito<\/a><\/div>\n<\/div>\n<\/div>\n\n\n\n<div class=\"wp-block-column is-layout-flow wp-block-column-is-layout-flow\" style=\"flex-basis:45%\"><\/div>\n<\/div>\n\n\n\n<div class=\"wp-block-columns are-vertically-aligned-center is-layout-flex wp-container-core-columns-is-layout-37 wp-block-columns-is-layout-flex\">\n<div class=\"wp-block-column is-vertically-aligned-center is-layout-flow wp-block-column-is-layout-flow\" style=\"flex-basis:30%\">\n<h3 class=\"wp-block-heading has-gray-dark-color has-text-color has-medium-font-size\">Collezione Limentani<\/h3>\n<\/div>\n\n\n\n<div class=\"wp-block-column is-vertically-aligned-center is-layout-flow wp-block-column-is-layout-flow\" style=\"flex-basis:25%\">\n<div class=\"wp-block-buttons is-vertical is-layout-flex wp-container-core-buttons-is-layout-37 wp-block-buttons-is-layout-flex\"><\/div>\n<\/div>\n\n\n\n<div class=\"wp-block-column is-layout-flow wp-block-column-is-layout-flow\" style=\"flex-basis:45%\"><\/div>\n<\/div>\n\n\n\n<div class=\"wp-block-columns are-vertically-aligned-center is-layout-flex wp-container-core-columns-is-layout-38 wp-block-columns-is-layout-flex\">\n<div class=\"wp-block-column is-vertically-aligned-center is-layout-flow wp-block-column-is-layout-flow\" style=\"flex-basis:30%\">\n<h3 class=\"wp-block-heading has-gray-dark-color has-text-color has-medium-font-size\">Collezione privata (Courtedy Miriam Di Penta Fine Arts)<\/h3>\n<\/div>\n\n\n\n<div class=\"wp-block-column is-vertically-aligned-center is-layout-flow wp-block-column-is-layout-flow\" style=\"flex-basis:25%\">\n<div class=\"wp-block-buttons is-vertical is-layout-flex wp-container-core-buttons-is-layout-38 wp-block-buttons-is-layout-flex\">\n<div class=\"wp-block-button has-custom-width wp-block-button__width-50 has-custom-font-size has-small-font-size\"><a class=\"wp-block-button__link wp-element-button\" href=\"https:\/\/miriamdipentafinearts.com\/\" target=\"_blank\" rel=\"noreferrer noopener\">Vai al sito<\/a><\/div>\n<\/div>\n<\/div>\n\n\n\n<div class=\"wp-block-column is-layout-flow wp-block-column-is-layout-flow\" style=\"flex-basis:45%\"><\/div>\n<\/div>\n\n\n\n<div class=\"wp-block-columns are-vertically-aligned-center is-layout-flex wp-container-core-columns-is-layout-39 wp-block-columns-is-layout-flex\">\n<div class=\"wp-block-column is-vertically-aligned-center is-layout-flow wp-block-column-is-layout-flow\" style=\"flex-basis:30%\">\n<h3 class=\"wp-block-heading has-gray-dark-color has-text-color has-medium-font-size\">Fondazione Palazzo Colonna<\/h3>\n<\/div>\n\n\n\n<div class=\"wp-block-column is-vertically-aligned-center is-layout-flow wp-block-column-is-layout-flow\" style=\"flex-basis:25%\">\n<div class=\"wp-block-buttons is-vertical is-layout-flex wp-container-core-buttons-is-layout-39 wp-block-buttons-is-layout-flex\">\n<div class=\"wp-block-button has-custom-width wp-block-button__width-50 has-custom-font-size has-small-font-size\"><a class=\"wp-block-button__link wp-element-button\" href=\"https:\/\/www.fondazionepalazzocolonna.it\/\" target=\"_blank\" rel=\"noreferrer noopener\">Vai al sito<\/a><\/div>\n<\/div>\n<\/div>\n\n\n\n<div class=\"wp-block-column is-layout-flow wp-block-column-is-layout-flow\" style=\"flex-basis:45%\"><\/div>\n<\/div>\n\n\n\n<div class=\"wp-block-columns are-vertically-aligned-center is-layout-flex wp-container-core-columns-is-layout-40 wp-block-columns-is-layout-flex\">\n<div class=\"wp-block-column is-vertically-aligned-center is-layout-flow wp-block-column-is-layout-flow\" style=\"flex-basis:30%\">\n<h3 class=\"wp-block-heading has-gray-dark-color has-text-color has-medium-font-size\">Galleria Borghese<\/h3>\n<\/div>\n\n\n\n<div class=\"wp-block-column is-vertically-aligned-center is-layout-flow wp-block-column-is-layout-flow\" style=\"flex-basis:25%\">\n<div class=\"wp-block-buttons is-vertical is-layout-flex wp-container-core-buttons-is-layout-40 wp-block-buttons-is-layout-flex\">\n<div class=\"wp-block-button has-custom-width wp-block-button__width-50 has-custom-font-size has-small-font-size\"><a class=\"wp-block-button__link wp-element-button\" href=\"\" target=\"_blank\" rel=\"noreferrer noopener\">Vai al sito<\/a><\/div>\n<\/div>\n<\/div>\n\n\n\n<div class=\"wp-block-column is-layout-flow wp-block-column-is-layout-flow\" style=\"flex-basis:45%\"><\/div>\n<\/div>\n\n\n\n<div class=\"wp-block-columns are-vertically-aligned-center is-layout-flex wp-container-core-columns-is-layout-41 wp-block-columns-is-layout-flex\">\n<div class=\"wp-block-column is-vertically-aligned-center is-layout-flow wp-block-column-is-layout-flow\" style=\"flex-basis:30%\">\n<h3 class=\"wp-block-heading has-gray-dark-color has-text-color has-medium-font-size\">Galleria Spada<\/h3>\n<\/div>\n\n\n\n<div class=\"wp-block-column is-vertically-aligned-center is-layout-flow wp-block-column-is-layout-flow\" style=\"flex-basis:25%\">\n<div class=\"wp-block-buttons is-vertical is-layout-flex wp-container-core-buttons-is-layout-41 wp-block-buttons-is-layout-flex\">\n<div class=\"wp-block-button has-custom-width wp-block-button__width-50 has-custom-font-size has-small-font-size\"><a class=\"wp-block-button__link wp-element-button\" href=\"https:\/\/galleriaspada.cultura.gov.it\/\" target=\"_blank\" rel=\"noreferrer noopener\">Vai al sito<\/a><\/div>\n<\/div>\n<\/div>\n\n\n\n<div class=\"wp-block-column is-layout-flow wp-block-column-is-layout-flow\" style=\"flex-basis:45%\"><\/div>\n<\/div>\n\n\n\n<div class=\"wp-block-columns are-vertically-aligned-center is-layout-flex wp-container-core-columns-is-layout-42 wp-block-columns-is-layout-flex\">\n<div class=\"wp-block-column is-vertically-aligned-center is-layout-flow wp-block-column-is-layout-flow\" style=\"flex-basis:30%\">\n<h3 class=\"wp-block-heading has-gray-dark-color has-text-color has-medium-font-size\">Gallerie Nazionali di Arte Antica di Roma &#8211; Palazzo Barberini e Galleria Corsini<\/h3>\n<\/div>\n\n\n\n<div class=\"wp-block-column is-vertically-aligned-center is-layout-flow wp-block-column-is-layout-flow\" style=\"flex-basis:25%\">\n<div class=\"wp-block-buttons is-vertical is-layout-flex wp-container-core-buttons-is-layout-42 wp-block-buttons-is-layout-flex\">\n<div class=\"wp-block-button has-custom-width wp-block-button__width-50 has-custom-font-size has-small-font-size\"><a class=\"wp-block-button__link wp-element-button\" href=\"https:\/\/barberinicorsini.org\/\" target=\"_blank\" rel=\"noreferrer noopener\">Vai al sito<\/a><\/div>\n<\/div>\n<\/div>\n\n\n\n<div class=\"wp-block-column is-layout-flow wp-block-column-is-layout-flow\" style=\"flex-basis:45%\"><\/div>\n<\/div>\n\n\n\n<div class=\"wp-block-columns are-vertically-aligned-center is-layout-flex wp-container-core-columns-is-layout-43 wp-block-columns-is-layout-flex\">\n<div class=\"wp-block-column is-vertically-aligned-center is-layout-flow wp-block-column-is-layout-flow\" style=\"flex-basis:30%\">\n<h3 class=\"wp-block-heading has-gray-dark-color has-text-color has-medium-font-size\">Istituto Centrale per la Grafica<\/h3>\n<\/div>\n\n\n\n<div class=\"wp-block-column is-vertically-aligned-center is-layout-flow wp-block-column-is-layout-flow\" style=\"flex-basis:25%\">\n<div class=\"wp-block-buttons is-vertical is-layout-flex wp-container-core-buttons-is-layout-43 wp-block-buttons-is-layout-flex\">\n<div class=\"wp-block-button has-custom-width wp-block-button__width-50 has-custom-font-size has-small-font-size\"><a class=\"wp-block-button__link wp-element-button\" href=\"https:\/\/www.grafica.beniculturali.it\/\" target=\"_blank\" rel=\"noreferrer noopener\">Vai al sito<\/a><\/div>\n<\/div>\n<\/div>\n\n\n\n<div class=\"wp-block-column is-layout-flow wp-block-column-is-layout-flow\" style=\"flex-basis:45%\"><\/div>\n<\/div>\n\n\n\n<div class=\"wp-block-columns are-vertically-aligned-center is-layout-flex wp-container-core-columns-is-layout-44 wp-block-columns-is-layout-flex\">\n<div class=\"wp-block-column is-vertically-aligned-center is-layout-flow wp-block-column-is-layout-flow\" style=\"flex-basis:30%\">\n<h3 class=\"wp-block-heading has-gray-dark-color has-text-color has-medium-font-size\">Parrocchia Santa Maria in Vallicella &#8211; Congregazione dell&#8217;Oratorio di San Filippo Neri (FEC)<\/h3>\n<\/div>\n\n\n\n<div class=\"wp-block-column is-vertically-aligned-center is-layout-flow wp-block-column-is-layout-flow\" style=\"flex-basis:25%\">\n<div class=\"wp-block-buttons is-vertical is-layout-flex wp-container-core-buttons-is-layout-44 wp-block-buttons-is-layout-flex\">\n<div class=\"wp-block-button has-custom-width wp-block-button__width-50 has-custom-font-size has-small-font-size\"><a class=\"wp-block-button__link wp-element-button\" href=\"https:\/\/www.vallicella.org\/s-maria-in-vallicella\/\" target=\"_blank\" rel=\"noreferrer noopener\">Vai al sito<\/a><\/div>\n<\/div>\n<\/div>\n\n\n\n<div class=\"wp-block-column is-layout-flow wp-block-column-is-layout-flow\" style=\"flex-basis:45%\"><\/div>\n<\/div>\n\n\n\n<div class=\"wp-block-columns are-vertically-aligned-center is-layout-flex wp-container-core-columns-is-layout-45 wp-block-columns-is-layout-flex\">\n<div class=\"wp-block-column is-vertically-aligned-center is-layout-flow wp-block-column-is-layout-flow\" style=\"flex-basis:30%\">\n<h3 class=\"wp-block-heading has-gray-dark-color has-text-color has-medium-font-size\">Pontificia Universit\u00e0 Gregoriana<\/h3>\n<\/div>\n\n\n\n<div class=\"wp-block-column is-vertically-aligned-center is-layout-flow wp-block-column-is-layout-flow\" style=\"flex-basis:25%\">\n<div class=\"wp-block-buttons is-vertical is-layout-flex wp-container-core-buttons-is-layout-45 wp-block-buttons-is-layout-flex\">\n<div class=\"wp-block-button has-custom-width wp-block-button__width-50 has-custom-font-size has-small-font-size\"><a class=\"wp-block-button__link wp-element-button\" href=\"https:\/\/www.unigre.it\/it\/\" target=\"_blank\" rel=\"noreferrer noopener\">Vai al sito<\/a><\/div>\n<\/div>\n<\/div>\n\n\n\n<div class=\"wp-block-column is-layout-flow wp-block-column-is-layout-flow\" style=\"flex-basis:45%\"><\/div>\n<\/div>\n\n\n\n<div class=\"wp-block-columns are-vertically-aligned-center is-layout-flex wp-container-core-columns-is-layout-46 wp-block-columns-is-layout-flex\">\n<div class=\"wp-block-column is-vertically-aligned-center is-layout-flow wp-block-column-is-layout-flow\" style=\"flex-basis:30%\">\n<h3 class=\"wp-block-heading has-gray-dark-color has-text-color has-medium-font-size\">Principessa Maria Camilla Pallavicini<\/h3>\n<\/div>\n\n\n\n<div class=\"wp-block-column is-vertically-aligned-center is-layout-flow wp-block-column-is-layout-flow\" style=\"flex-basis:25%\">\n<div class=\"wp-block-buttons is-vertical is-layout-flex wp-container-core-buttons-is-layout-46 wp-block-buttons-is-layout-flex\"><\/div>\n<\/div>\n\n\n\n<div class=\"wp-block-column is-layout-flow wp-block-column-is-layout-flow\" style=\"flex-basis:45%\"><\/div>\n<\/div>\n\n\n\n<div class=\"wp-block-columns are-vertically-aligned-center is-layout-flex wp-container-core-columns-is-layout-47 wp-block-columns-is-layout-flex\">\n<div class=\"wp-block-column is-vertically-aligned-center is-layout-flow wp-block-column-is-layout-flow\" style=\"flex-basis:30%\">\n<h3 class=\"wp-block-heading has-gray-dark-color has-text-color has-medium-font-size\">Collezione Francesco Gatta<\/h3>\n<\/div>\n\n\n\n<div class=\"wp-block-column is-vertically-aligned-center is-layout-flow wp-block-column-is-layout-flow\" style=\"flex-basis:25%\">\n<div class=\"wp-block-buttons is-vertical is-layout-flex wp-container-core-buttons-is-layout-47 wp-block-buttons-is-layout-flex\"><\/div>\n<\/div>\n\n\n\n<div class=\"wp-block-column is-layout-flow wp-block-column-is-layout-flow\" style=\"flex-basis:45%\"><\/div>\n<\/div>\n\n\n\n<div class=\"wp-block-columns are-vertically-aligned-center is-layout-flex wp-container-core-columns-is-layout-48 wp-block-columns-is-layout-flex\">\n<div class=\"wp-block-column is-vertically-aligned-center is-layout-flow wp-block-column-is-layout-flow\" style=\"flex-basis:30%\">\n<h3 class=\"wp-block-heading has-gray-dark-color has-text-color has-medium-font-size\">Musei Reali di Torino &#8211; Galleria Sabauda<\/h3>\n<\/div>\n\n\n\n<div class=\"wp-block-column is-vertically-aligned-center is-layout-flow wp-block-column-is-layout-flow\" style=\"flex-basis:25%\">\n<div class=\"wp-block-buttons is-vertical is-layout-flex wp-container-core-buttons-is-layout-48 wp-block-buttons-is-layout-flex\">\n<div class=\"wp-block-button has-custom-width wp-block-button__width-50 has-custom-font-size has-small-font-size\"><a class=\"wp-block-button__link wp-element-button\" href=\"https:\/\/museireali.beniculturali.it\/galleria-sabauda\/\" target=\"_blank\" rel=\"noreferrer noopener\">Vai al sito<\/a><\/div>\n<\/div>\n<\/div>\n\n\n\n<div class=\"wp-block-column is-layout-flow wp-block-column-is-layout-flow\" style=\"flex-basis:45%\"><\/div>\n<\/div>\n\n\n\n<div class=\"wp-block-columns are-vertically-aligned-center is-layout-flex wp-container-core-columns-is-layout-49 wp-block-columns-is-layout-flex\">\n<div class=\"wp-block-column is-vertically-aligned-center is-layout-flow wp-block-column-is-layout-flow\" style=\"flex-basis:30%\">\n<h3 class=\"wp-block-heading has-gray-dark-color has-text-color has-medium-font-size\">Teylers Museum<\/h3>\n<\/div>\n\n\n\n<div class=\"wp-block-column is-vertically-aligned-center is-layout-flow wp-block-column-is-layout-flow\" style=\"flex-basis:25%\">\n<div class=\"wp-block-buttons is-vertical is-layout-flex wp-container-core-buttons-is-layout-49 wp-block-buttons-is-layout-flex\">\n<div class=\"wp-block-button has-custom-width wp-block-button__width-50 has-custom-font-size has-small-font-size\"><a class=\"wp-block-button__link wp-element-button\" href=\"https:\/\/teylersmuseum.nl\/en\" target=\"_blank\" rel=\"noreferrer noopener\">Vai al sito<\/a><\/div>\n<\/div>\n<\/div>\n\n\n\n<div class=\"wp-block-column is-layout-flow wp-block-column-is-layout-flow\" style=\"flex-basis:45%\"><\/div>\n<\/div>\n\n\n\n<div class=\"wp-block-columns are-vertically-aligned-center is-layout-flex wp-container-core-columns-is-layout-50 wp-block-columns-is-layout-flex\">\n<div class=\"wp-block-column is-vertically-aligned-center is-layout-flow wp-block-column-is-layout-flow\" style=\"flex-basis:30%\">\n<h3 class=\"wp-block-heading has-gray-dark-color has-text-color has-medium-font-size\">Museum Boijmans Van Beuningen<\/h3>\n<\/div>\n\n\n\n<div class=\"wp-block-column is-vertically-aligned-center is-layout-flow wp-block-column-is-layout-flow\" style=\"flex-basis:25%\">\n<div class=\"wp-block-buttons is-vertical is-layout-flex wp-container-core-buttons-is-layout-50 wp-block-buttons-is-layout-flex\">\n<div class=\"wp-block-button has-custom-width wp-block-button__width-50 has-custom-font-size has-small-font-size\"><a class=\"wp-block-button__link wp-element-button\" href=\"https:\/\/www.boijmans.nl\/\" target=\"_blank\" rel=\"noreferrer noopener\">Vai al sito<\/a><\/div>\n<\/div>\n<\/div>\n\n\n\n<div class=\"wp-block-column is-layout-flow wp-block-column-is-layout-flow\" style=\"flex-basis:45%\"><\/div>\n<\/div>\n\n\n\n<div class=\"wp-block-columns are-vertically-aligned-center is-layout-flex wp-container-core-columns-is-layout-51 wp-block-columns-is-layout-flex\">\n<div class=\"wp-block-column is-vertically-aligned-center is-layout-flow wp-block-column-is-layout-flow\" style=\"flex-basis:30%\">\n<h3 class=\"wp-block-heading has-gray-dark-color has-text-color has-medium-font-size\">Fitzwilliam Museum &#8211; University of Cambridge<\/h3>\n<\/div>\n\n\n\n<div class=\"wp-block-column is-vertically-aligned-center is-layout-flow wp-block-column-is-layout-flow\" style=\"flex-basis:25%\">\n<div class=\"wp-block-buttons is-vertical is-layout-flex wp-container-core-buttons-is-layout-51 wp-block-buttons-is-layout-flex\">\n<div class=\"wp-block-button has-custom-width wp-block-button__width-50 has-custom-font-size has-small-font-size\"><a class=\"wp-block-button__link wp-element-button\" href=\"https:\/\/fitzmuseum.cam.ac.uk\/\" target=\"_blank\" rel=\"noreferrer noopener\">Vai al sito<\/a><\/div>\n<\/div>\n<\/div>\n\n\n\n<div class=\"wp-block-column is-layout-flow wp-block-column-is-layout-flow\" style=\"flex-basis:45%\"><\/div>\n<\/div>\n\n\n\n<div class=\"wp-block-columns are-vertically-aligned-center is-layout-flex wp-container-core-columns-is-layout-52 wp-block-columns-is-layout-flex\">\n<div class=\"wp-block-column is-vertically-aligned-center is-layout-flow wp-block-column-is-layout-flow\" style=\"flex-basis:30%\">\n<h3 class=\"wp-block-heading has-gray-dark-color has-text-color has-medium-font-size\">Private Collection c\/o Christie&#8217;s Manson &amp; Woods Limited<\/h3>\n<\/div>\n\n\n\n<div class=\"wp-block-column is-vertically-aligned-center is-layout-flow wp-block-column-is-layout-flow\" style=\"flex-basis:25%\">\n<div class=\"wp-block-buttons is-vertical is-layout-flex wp-container-core-buttons-is-layout-52 wp-block-buttons-is-layout-flex\"><\/div>\n<\/div>\n\n\n\n<div class=\"wp-block-column is-layout-flow wp-block-column-is-layout-flow\" style=\"flex-basis:45%\"><\/div>\n<\/div>\n\n\n\n<div class=\"wp-block-columns are-vertically-aligned-center is-layout-flex wp-container-core-columns-is-layout-53 wp-block-columns-is-layout-flex\">\n<div class=\"wp-block-column is-vertically-aligned-center is-layout-flow wp-block-column-is-layout-flow\" style=\"flex-basis:30%\">\n<h3 class=\"wp-block-heading has-gray-dark-color has-text-color has-medium-font-size\">The Courtauld<\/h3>\n<\/div>\n\n\n\n<div class=\"wp-block-column is-vertically-aligned-center is-layout-flow wp-block-column-is-layout-flow\" style=\"flex-basis:25%\">\n<div class=\"wp-block-buttons is-vertical is-layout-flex wp-container-core-buttons-is-layout-53 wp-block-buttons-is-layout-flex\">\n<div class=\"wp-block-button has-custom-width wp-block-button__width-50 has-custom-font-size has-small-font-size\"><a class=\"wp-block-button__link wp-element-button\" href=\"https:\/\/courtauld.ac.uk\/\" target=\"_blank\" rel=\"noreferrer noopener\">Vai al sito<\/a><\/div>\n<\/div>\n<\/div>\n\n\n\n<div class=\"wp-block-column is-layout-flow wp-block-column-is-layout-flow\" style=\"flex-basis:45%\"><\/div>\n<\/div>\n\n\n\n<div class=\"wp-block-columns are-vertically-aligned-center is-layout-flex wp-container-core-columns-is-layout-54 wp-block-columns-is-layout-flex\">\n<div class=\"wp-block-column is-vertically-aligned-center is-layout-flow wp-block-column-is-layout-flow\" style=\"flex-basis:30%\">\n<h3 class=\"wp-block-heading has-gray-dark-color has-text-color has-medium-font-size\">National Trust &#8211; Tatton Park<\/h3>\n<\/div>\n\n\n\n<div class=\"wp-block-column is-vertically-aligned-center is-layout-flow wp-block-column-is-layout-flow\" style=\"flex-basis:25%\">\n<div class=\"wp-block-buttons is-vertical is-layout-flex wp-container-core-buttons-is-layout-54 wp-block-buttons-is-layout-flex\">\n<div class=\"wp-block-button has-custom-width wp-block-button__width-50 has-custom-font-size has-small-font-size\"><a class=\"wp-block-button__link wp-element-button\" href=\"https:\/\/www.nationaltrust.org.uk\/visit\/cheshire-greater-manchester\/tatton-park\" target=\"_blank\" rel=\"noreferrer noopener\">Vai al sito<\/a><\/div>\n<\/div>\n<\/div>\n\n\n\n<div class=\"wp-block-column is-layout-flow wp-block-column-is-layout-flow\" style=\"flex-basis:45%\"><\/div>\n<\/div>\n\n\n\n<div class=\"wp-block-columns are-vertically-aligned-center is-layout-flex wp-container-core-columns-is-layout-55 wp-block-columns-is-layout-flex\">\n<div class=\"wp-block-column is-vertically-aligned-center is-layout-flow wp-block-column-is-layout-flow\" style=\"flex-basis:30%\">\n<h3 class=\"wp-block-heading has-gray-dark-color has-text-color has-medium-font-size\">Rothschild Foundation &#8211; Waddesdon Manor<\/h3>\n<\/div>\n\n\n\n<div class=\"wp-block-column is-vertically-aligned-center is-layout-flow wp-block-column-is-layout-flow\" style=\"flex-basis:25%\">\n<div class=\"wp-block-buttons is-vertical is-layout-flex wp-container-core-buttons-is-layout-55 wp-block-buttons-is-layout-flex\">\n<div class=\"wp-block-button has-custom-width wp-block-button__width-50 has-custom-font-size has-small-font-size\"><a class=\"wp-block-button__link wp-element-button\" href=\"https:\/\/rothschildfoundation.org.uk\/waddesdon-manor\/\" target=\"_blank\" rel=\"noreferrer noopener\">Vai al sito<\/a><\/div>\n<\/div>\n<\/div>\n\n\n\n<div class=\"wp-block-column is-layout-flow wp-block-column-is-layout-flow\" style=\"flex-basis:45%\"><\/div>\n<\/div>\n\n\n\n<div class=\"wp-block-columns are-vertically-aligned-center is-layout-flex wp-container-core-columns-is-layout-56 wp-block-columns-is-layout-flex\">\n<div class=\"wp-block-column is-vertically-aligned-center is-layout-flow wp-block-column-is-layout-flow\" style=\"flex-basis:30%\">\n<h3 class=\"wp-block-heading has-gray-dark-color has-text-color has-medium-font-size\">Royal Collection Trust &#8211; Windsor Castle<\/h3>\n<\/div>\n\n\n\n<div class=\"wp-block-column is-vertically-aligned-center is-layout-flow wp-block-column-is-layout-flow\" style=\"flex-basis:25%\">\n<div class=\"wp-block-buttons is-vertical is-layout-flex wp-container-core-buttons-is-layout-56 wp-block-buttons-is-layout-flex\">\n<div class=\"wp-block-button has-custom-width wp-block-button__width-50 has-custom-font-size has-small-font-size\"><a class=\"wp-block-button__link wp-element-button\" href=\"https:\/\/www.rct.uk\/visit\/windsor-castle\" target=\"_blank\" rel=\"noreferrer noopener\">Vai al sito<\/a><\/div>\n<\/div>\n<\/div>\n\n\n\n<div class=\"wp-block-column is-layout-flow wp-block-column-is-layout-flow\" style=\"flex-basis:45%\"><\/div>\n<\/div>\n\n\n\n<div class=\"wp-block-columns are-vertically-aligned-center is-layout-flex wp-container-core-columns-is-layout-57 wp-block-columns-is-layout-flex\">\n<div class=\"wp-block-column is-vertically-aligned-center is-layout-flow wp-block-column-is-layout-flow\" style=\"flex-basis:30%\">\n<h3 class=\"wp-block-heading has-gray-dark-color has-text-color has-medium-font-size\">York Museum Trust &#8211; York Art Gallery<\/h3>\n<\/div>\n\n\n\n<div class=\"wp-block-column is-vertically-aligned-center is-layout-flow wp-block-column-is-layout-flow\" style=\"flex-basis:25%\">\n<div class=\"wp-block-buttons is-vertical is-layout-flex wp-container-core-buttons-is-layout-57 wp-block-buttons-is-layout-flex\">\n<div class=\"wp-block-button has-custom-width wp-block-button__width-50 has-custom-font-size has-small-font-size\"><a class=\"wp-block-button__link wp-element-button\" href=\"https:\/\/www.yorkmuseumstrust.org.uk\/\" target=\"_blank\" rel=\"noreferrer noopener\">Vai al sito<\/a><\/div>\n<\/div>\n<\/div>\n\n\n\n<div class=\"wp-block-column is-layout-flow wp-block-column-is-layout-flow\" style=\"flex-basis:45%\"><\/div>\n<\/div>\n\n\n\n<div class=\"wp-block-columns are-vertically-aligned-center is-layout-flex wp-container-core-columns-is-layout-58 wp-block-columns-is-layout-flex\">\n<div class=\"wp-block-column is-vertically-aligned-center is-layout-flow wp-block-column-is-layout-flow\" style=\"flex-basis:30%\">\n<h3 class=\"wp-block-heading has-gray-dark-color has-text-color has-medium-font-size\">Istituti Culturali &#8211; Musei di Stato<\/h3>\n<\/div>\n\n\n\n<div class=\"wp-block-column is-vertically-aligned-center is-layout-flow wp-block-column-is-layout-flow\" style=\"flex-basis:25%\">\n<div class=\"wp-block-buttons is-vertical is-layout-flex wp-container-core-buttons-is-layout-58 wp-block-buttons-is-layout-flex\">\n<div class=\"wp-block-button has-custom-width wp-block-button__width-50 has-custom-font-size has-small-font-size\"><a class=\"wp-block-button__link wp-element-button\" href=\"https:\/\/www.museidistato.sm\/\" target=\"_blank\" rel=\"noreferrer noopener\">Vai al sito<\/a><\/div>\n<\/div>\n<\/div>\n\n\n\n<div class=\"wp-block-column is-layout-flow wp-block-column-is-layout-flow\" style=\"flex-basis:45%\"><\/div>\n<\/div>\n\n\n\n<div class=\"wp-block-columns are-vertically-aligned-center is-layout-flex wp-container-core-columns-is-layout-59 wp-block-columns-is-layout-flex\">\n<div class=\"wp-block-column is-vertically-aligned-center is-layout-flow wp-block-column-is-layout-flow\" style=\"flex-basis:30%\">\n<h3 class=\"wp-block-heading has-gray-dark-color has-text-color has-medium-font-size\">Fundaci\u00f2n Colleci\u00f2n Thyssen-Bornemisza c\/o Museu Nacional d&#8217;Art de Catalunya<\/h3>\n<\/div>\n\n\n\n<div class=\"wp-block-column is-vertically-aligned-center is-layout-flow wp-block-column-is-layout-flow\" style=\"flex-basis:25%\">\n<div class=\"wp-block-buttons is-vertical is-layout-flex wp-container-core-buttons-is-layout-59 wp-block-buttons-is-layout-flex\">\n<div class=\"wp-block-button has-custom-width wp-block-button__width-50 has-custom-font-size has-small-font-size\"><a class=\"wp-block-button__link wp-element-button\" href=\"https:\/\/www.museunacional.cat\/es\/coleccion\/colecci%C3%B3n-thyssen-bornemisza\" target=\"_blank\" rel=\"noreferrer noopener\">Vai al sito<\/a><\/div>\n<\/div>\n<\/div>\n\n\n\n<div class=\"wp-block-column is-layout-flow wp-block-column-is-layout-flow\" style=\"flex-basis:45%\"><\/div>\n<\/div>\n\n\n\n<div class=\"wp-block-columns are-vertically-aligned-center is-layout-flex wp-container-core-columns-is-layout-60 wp-block-columns-is-layout-flex\">\n<div class=\"wp-block-column is-vertically-aligned-center is-layout-flow wp-block-column-is-layout-flow\" style=\"flex-basis:30%\">\n<h3 class=\"wp-block-heading has-gray-dark-color has-text-color has-medium-font-size\">FACTUM arte<\/h3>\n<\/div>\n\n\n\n<div class=\"wp-block-column is-vertically-aligned-center is-layout-flow wp-block-column-is-layout-flow\" style=\"flex-basis:25%\">\n<div class=\"wp-block-buttons is-vertical is-layout-flex wp-container-core-buttons-is-layout-60 wp-block-buttons-is-layout-flex\">\n<div class=\"wp-block-button has-custom-width wp-block-button__width-50 has-custom-font-size has-small-font-size\"><a class=\"wp-block-button__link wp-element-button\" href=\"https:\/\/www.factum-arte.com\/\" target=\"_blank\" rel=\"noreferrer noopener\">Vai al sito<\/a><\/div>\n<\/div>\n<\/div>\n\n\n\n<div class=\"wp-block-column is-layout-flow wp-block-column-is-layout-flow\" style=\"flex-basis:45%\"><\/div>\n<\/div>\n\n\n\n<div class=\"wp-block-columns are-vertically-aligned-center is-layout-flex wp-container-core-columns-is-layout-61 wp-block-columns-is-layout-flex\">\n<div class=\"wp-block-column is-vertically-aligned-center is-layout-flow wp-block-column-is-layout-flow\" style=\"flex-basis:30%\">\n<h3 class=\"wp-block-heading has-gray-dark-color has-text-color has-medium-font-size\">Museo Nacional del Prado<\/h3>\n<\/div>\n\n\n\n<div class=\"wp-block-column is-vertically-aligned-center is-layout-flow wp-block-column-is-layout-flow\" style=\"flex-basis:25%\">\n<div class=\"wp-block-buttons is-vertical is-layout-flex wp-container-core-buttons-is-layout-61 wp-block-buttons-is-layout-flex\">\n<div class=\"wp-block-button has-custom-width wp-block-button__width-50 has-custom-font-size has-small-font-size\"><a class=\"wp-block-button__link wp-element-button\" href=\"https:\/\/www.museodelprado.es\/\" target=\"_blank\" rel=\"noreferrer noopener\">Vai al sito<\/a><\/div>\n<\/div>\n<\/div>\n\n\n\n<div class=\"wp-block-column is-layout-flow wp-block-column-is-layout-flow\" style=\"flex-basis:45%\"><\/div>\n<\/div>\n\n\n\n<div class=\"wp-block-columns are-vertically-aligned-center is-layout-flex wp-container-core-columns-is-layout-62 wp-block-columns-is-layout-flex\">\n<div class=\"wp-block-column is-vertically-aligned-center is-layout-flow wp-block-column-is-layout-flow\" style=\"flex-basis:30%\">\n<h3 class=\"wp-block-heading has-gray-dark-color has-text-color has-medium-font-size\">Patrimonio Nacional, Real Monasterio de san Lorenzo de El Escorial<\/h3>\n<\/div>\n\n\n\n<div class=\"wp-block-column is-vertically-aligned-center is-layout-flow wp-block-column-is-layout-flow\" style=\"flex-basis:25%\">\n<div class=\"wp-block-buttons is-vertical is-layout-flex wp-container-core-buttons-is-layout-62 wp-block-buttons-is-layout-flex\">\n<div class=\"wp-block-button has-custom-width wp-block-button__width-50 has-custom-font-size has-small-font-size\"><a class=\"wp-block-button__link wp-element-button\" href=\"https:\/\/www.patrimonionacional.es\/visita\/real-monasterio-de-san-lorenzo-de-el-escorial\" target=\"_blank\" rel=\"noreferrer noopener\">Vai al sito<\/a><\/div>\n<\/div>\n<\/div>\n\n\n\n<div class=\"wp-block-column is-layout-flow wp-block-column-is-layout-flow\" style=\"flex-basis:45%\"><\/div>\n<\/div>\n\n\n\n<div class=\"wp-block-columns are-vertically-aligned-center is-layout-flex wp-container-core-columns-is-layout-63 wp-block-columns-is-layout-flex\">\n<div class=\"wp-block-column is-vertically-aligned-center is-layout-flow wp-block-column-is-layout-flow\" style=\"flex-basis:30%\">\n<h3 class=\"wp-block-heading has-gray-dark-color has-text-color has-medium-font-size\">Nationalmuseum<\/h3>\n<\/div>\n\n\n\n<div class=\"wp-block-column is-vertically-aligned-center is-layout-flow wp-block-column-is-layout-flow\" style=\"flex-basis:25%\">\n<div class=\"wp-block-buttons is-vertical is-layout-flex wp-container-core-buttons-is-layout-63 wp-block-buttons-is-layout-flex\">\n<div class=\"wp-block-button has-custom-width wp-block-button__width-50 has-custom-font-size has-small-font-size\"><a class=\"wp-block-button__link wp-element-button\" href=\"https:\/\/www.nationalmuseum.se\/en\" target=\"_blank\" rel=\"noreferrer noopener\">Vai al sito<\/a><\/div>\n<\/div>\n<\/div>\n\n\n\n<div class=\"wp-block-column is-layout-flow wp-block-column-is-layout-flow\" style=\"flex-basis:45%\"><\/div>\n<\/div>\n\n\n\n<div class=\"wp-block-columns are-vertically-aligned-center is-layout-flex wp-container-core-columns-is-layout-64 wp-block-columns-is-layout-flex\">\n<div class=\"wp-block-column is-vertically-aligned-center is-layout-flow wp-block-column-is-layout-flow\" style=\"flex-basis:30%\">\n<h3 class=\"wp-block-heading has-gray-dark-color has-text-color has-medium-font-size\"><strong>Sz\u00e9pm\u0171v\u00e9szeti M\u00fazeum<\/strong><\/h3>\n<\/div>\n\n\n\n<div class=\"wp-block-column is-vertically-aligned-center is-layout-flow wp-block-column-is-layout-flow\" style=\"flex-basis:25%\">\n<div class=\"wp-block-buttons is-vertical is-layout-flex wp-container-core-buttons-is-layout-64 wp-block-buttons-is-layout-flex\">\n<div class=\"wp-block-button has-custom-width wp-block-button__width-50 has-custom-font-size has-small-font-size\"><a class=\"wp-block-button__link wp-element-button\" href=\"https:\/\/www.mfab.hu\/\" target=\"_blank\" rel=\"noreferrer noopener\">Vai al sito<\/a><\/div>\n<\/div>\n<\/div>\n\n\n\n<div class=\"wp-block-column is-layout-flow wp-block-column-is-layout-flow\" style=\"flex-basis:45%\"><\/div>\n<\/div>\n\n\n\n<div class=\"wp-block-columns are-vertically-aligned-center is-layout-flex wp-container-core-columns-is-layout-65 wp-block-columns-is-layout-flex\">\n<div class=\"wp-block-column is-vertically-aligned-center is-layout-flow wp-block-column-is-layout-flow\" style=\"flex-basis:30%\">\n<h3 class=\"wp-block-heading has-gray-dark-color has-text-color has-medium-font-size\">Blanton Museum of Art, The University of Texas at Austin<\/h3>\n<\/div>\n\n\n\n<div class=\"wp-block-column is-vertically-aligned-center is-layout-flow wp-block-column-is-layout-flow\" style=\"flex-basis:25%\">\n<div class=\"wp-block-buttons is-vertical is-layout-flex wp-container-core-buttons-is-layout-65 wp-block-buttons-is-layout-flex\">\n<div class=\"wp-block-button has-custom-width wp-block-button__width-50 has-custom-font-size has-small-font-size\"><a class=\"wp-block-button__link wp-element-button\" href=\"https:\/\/blantonmuseum.org\/\" target=\"_blank\" rel=\"noreferrer noopener\">Vai al sito<\/a><\/div>\n<\/div>\n<\/div>\n\n\n\n<div class=\"wp-block-column is-layout-flow wp-block-column-is-layout-flow\" style=\"flex-basis:45%\"><\/div>\n<\/div>\n\n\n\n<div class=\"wp-block-columns are-vertically-aligned-center is-layout-flex wp-container-core-columns-is-layout-66 wp-block-columns-is-layout-flex\">\n<div class=\"wp-block-column is-vertically-aligned-center is-layout-flow wp-block-column-is-layout-flow\" style=\"flex-basis:30%\">\n<h3 class=\"wp-block-heading has-gray-dark-color has-text-color has-medium-font-size\"><strong>Ha<\/strong>rvard Art Museums \/ Fogg Museum<\/h3>\n<\/div>\n\n\n\n<div class=\"wp-block-column is-vertically-aligned-center is-layout-flow wp-block-column-is-layout-flow\" style=\"flex-basis:25%\">\n<div class=\"wp-block-buttons is-vertical is-layout-flex wp-container-core-buttons-is-layout-66 wp-block-buttons-is-layout-flex\">\n<div class=\"wp-block-button has-custom-width wp-block-button__width-50 has-custom-font-size has-small-font-size\"><a class=\"wp-block-button__link wp-element-button\" href=\"https:\/\/harvardartmuseums.org\/exhibitions\/6286\/made-in-germany-art-and-identity-in-a-global-nation?gad_source=1&amp;gclid=Cj0KCQjw7Py4BhCbARIsAMMx-_LyWAXx_8FbG-l1ABfxSfvC04qqkXuDXzhxx03lfa25I-kWo43f3iYaAjTjEALw_wcB\" target=\"_blank\" rel=\"noreferrer noopener\">Vai al sito<\/a><\/div>\n<\/div>\n<\/div>\n\n\n\n<div class=\"wp-block-column is-layout-flow wp-block-column-is-layout-flow\" style=\"flex-basis:45%\"><\/div>\n<\/div>\n\n\n\n<div class=\"wp-block-columns are-vertically-aligned-center is-layout-flex wp-container-core-columns-is-layout-67 wp-block-columns-is-layout-flex\">\n<div class=\"wp-block-column is-vertically-aligned-center is-layout-flow wp-block-column-is-layout-flow\" style=\"flex-basis:30%\">\n<h3 class=\"wp-block-heading has-gray-dark-color has-text-color has-medium-font-size\"><strong>J. Paul Getty Museum<\/strong><\/h3>\n<\/div>\n\n\n\n<div class=\"wp-block-column is-vertically-aligned-center is-layout-flow wp-block-column-is-layout-flow\" style=\"flex-basis:25%\">\n<div class=\"wp-block-buttons is-vertical is-layout-flex wp-container-core-buttons-is-layout-67 wp-block-buttons-is-layout-flex\">\n<div class=\"wp-block-button has-custom-width wp-block-button__width-50 has-custom-font-size has-small-font-size\"><a class=\"wp-block-button__link wp-element-button\" href=\"https:\/\/www.getty.edu\/museum\/\" target=\"_blank\" rel=\"noreferrer noopener\">Vai al sito<\/a><\/div>\n<\/div>\n<\/div>\n\n\n\n<div class=\"wp-block-column is-layout-flow wp-block-column-is-layout-flow\" style=\"flex-basis:45%\"><\/div>\n<\/div>\n\n\n\n<div class=\"wp-block-columns are-vertically-aligned-center is-layout-flex wp-container-core-columns-is-layout-68 wp-block-columns-is-layout-flex\">\n<div class=\"wp-block-column is-vertically-aligned-center is-layout-flow wp-block-column-is-layout-flow\" style=\"flex-basis:30%\">\n<h3 class=\"wp-block-heading has-gray-dark-color has-text-color has-medium-font-size\"><strong>Los Angeles Country Museum of Art<\/strong><\/h3>\n<\/div>\n\n\n\n<div class=\"wp-block-column is-vertically-aligned-center is-layout-flow wp-block-column-is-layout-flow\" style=\"flex-basis:25%\">\n<div class=\"wp-block-buttons is-vertical is-layout-flex wp-container-core-buttons-is-layout-68 wp-block-buttons-is-layout-flex\">\n<div class=\"wp-block-button has-custom-width wp-block-button__width-50 has-custom-font-size has-small-font-size\"><a class=\"wp-block-button__link wp-element-button\" href=\"https:\/\/www.lacma.org\/\" target=\"_blank\" rel=\"noreferrer noopener\">Vai al sito<\/a><\/div>\n<\/div>\n<\/div>\n\n\n\n<div class=\"wp-block-column is-layout-flow wp-block-column-is-layout-flow\" style=\"flex-basis:45%\"><\/div>\n<\/div>\n\n\n\n<div class=\"wp-block-columns are-vertically-aligned-center is-layout-flex wp-container-core-columns-is-layout-69 wp-block-columns-is-layout-flex\">\n<div class=\"wp-block-column is-vertically-aligned-center is-layout-flow wp-block-column-is-layout-flow\" style=\"flex-basis:30%\">\n<h3 class=\"wp-block-heading has-gray-dark-color has-text-color has-medium-font-size\"><strong>AP Narrows LP c\/o Elysium Management LLC<\/strong><\/h3>\n<\/div>\n\n\n\n<div class=\"wp-block-column is-vertically-aligned-center is-layout-flow wp-block-column-is-layout-flow\" style=\"flex-basis:25%\">\n<div class=\"wp-block-buttons is-vertical is-layout-flex wp-container-core-buttons-is-layout-69 wp-block-buttons-is-layout-flex\"><\/div>\n<\/div>\n\n\n\n<div class=\"wp-block-column is-layout-flow wp-block-column-is-layout-flow\" style=\"flex-basis:45%\"><\/div>\n<\/div>\n","protected":false},"excerpt":{"rendered":"<p>Museo Nazionale Romano Galleria degli Uffizi Musei Capitolini Albertina Collezione Alexandre Wakhevitch Biblioteca Apostolica Vaticana Musei Vaticani Mus\u00e9es de la Ville de B\u00e9ziers Mus\u00e9e des Beaux-Arts Mus\u00e9e du Louvre &#8211; D\u00e9partement des Arts Graphiques Mus\u00e9e du Louvre &#8211; D\u00e9partement des Peintures Staatliche Museen zu Berlin &#8211; Kupferstichkabinett Staatliche Kunstsammlungen Dresden Skulpturensammlung Claudia Zell-Schoeppler St\u00e4del Museum [&#8230;]<\/p>\n<p><a class=\"btn btn-secondary understrap-read-more-link\" href=\"https:\/\/scuderiequirinale.it\/en\/albo-prestatori\/\">Read More&#8230;<span class=\"screen-reader-text\"> from Register of lenders<\/span><\/a><\/p>\n","protected":false},"author":1,"featured_media":0,"parent":0,"menu_order":0,"comment_status":"closed","ping_status":"closed","template":"pages-templates\/page.php","meta":{"_acf_changed":false,"footnotes":""},"class_list":["post-3431","page","type-page","status-publish","hentry"],"acf":[],"yoast_head":"<!-- This site is optimized with the Yoast SEO plugin v26.8 - https:\/\/yoast.com\/product\/yoast-seo-wordpress\/ -->\r\n<title>Register of lenders | Scuderie del Quirinale<\/title>\r\n<meta name=\"robots\" content=\"index, follow, max-snippet:-1, max-image-preview:large, max-video-preview:-1\" \/>\r\n<link rel=\"canonical\" href=\"https:\/\/scuderiequirinale.it\/en\/albo-prestatori\/\" \/>\r\n<meta property=\"og:locale\" content=\"en_US\" \/>\r\n<meta property=\"og:type\" content=\"article\" \/>\r\n<meta property=\"og:title\" content=\"Register of lenders | Scuderie del Quirinale\" \/>\r\n<meta property=\"og:description\" content=\"Museo Nazionale Romano Galleria degli Uffizi Musei Capitolini Albertina Collezione Alexandre Wakhevitch Biblioteca Apostolica Vaticana Musei Vaticani Mus\u00e9es de la Ville de B\u00e9ziers Mus\u00e9e des Beaux-Arts Mus\u00e9e du Louvre &#8211; D\u00e9partement des Arts Graphiques Mus\u00e9e du Louvre &#8211; D\u00e9partement des Peintures Staatliche Museen zu Berlin &#8211; Kupferstichkabinett Staatliche Kunstsammlungen Dresden Skulpturensammlung Claudia Zell-Schoeppler St\u00e4del Museum [...]Read More... from Register of lenders\" \/>\r\n<meta property=\"og:url\" content=\"https:\/\/scuderiequirinale.it\/en\/albo-prestatori\/\" \/>\r\n<meta property=\"og:site_name\" content=\"Scuderie del Quirinale\" \/>\r\n<meta property=\"article:modified_time\" content=\"2024-10-28T11:54:43+00:00\" \/>\r\n<meta name=\"twitter:card\" content=\"summary_large_image\" \/>\r\n<meta name=\"twitter:label1\" content=\"Est. reading time\" \/>\n\t<meta name=\"twitter:data1\" content=\"3 minutes\" \/>\r\n<script type=\"application\/ld+json\" class=\"yoast-schema-graph\">{\"@context\":\"https:\/\/schema.org\",\"@graph\":[{\"@type\":\"WebPage\",\"@id\":\"https:\/\/scuderiequirinale.it\/en\/albo-prestatori\/\",\"url\":\"https:\/\/scuderiequirinale.it\/en\/albo-prestatori\/\",\"name\":\"Register of lenders | Scuderie del Quirinale\",\"isPartOf\":{\"@id\":\"https:\/\/scuderiequirinale.it\/#website\"},\"datePublished\":\"2024-10-22T10:52:13+00:00\",\"dateModified\":\"2024-10-28T11:54:43+00:00\",\"inLanguage\":\"en-US\",\"potentialAction\":[{\"@type\":\"ReadAction\",\"target\":[\"https:\/\/scuderiequirinale.it\/en\/albo-prestatori\/\"]}]},{\"@type\":\"WebSite\",\"@id\":\"https:\/\/scuderiequirinale.it\/#website\",\"url\":\"https:\/\/scuderiequirinale.it\/\",\"name\":\"Scuderie del Quirinale\",\"description\":\"\",\"potentialAction\":[{\"@type\":\"SearchAction\",\"target\":{\"@type\":\"EntryPoint\",\"urlTemplate\":\"https:\/\/scuderiequirinale.it\/?s={search_term_string}\"},\"query-input\":{\"@type\":\"PropertyValueSpecification\",\"valueRequired\":true,\"valueName\":\"search_term_string\"}}],\"inLanguage\":\"en-US\"}]}<\/script>\r\n<!-- \/ Yoast SEO plugin. -->","yoast_head_json":{"title":"Register of lenders | Scuderie del Quirinale","robots":{"index":"index","follow":"follow","max-snippet":"max-snippet:-1","max-image-preview":"max-image-preview:large","max-video-preview":"max-video-preview:-1"},"canonical":"https:\/\/scuderiequirinale.it\/en\/albo-prestatori\/","og_locale":"en_US","og_type":"article","og_title":"Register of lenders | Scuderie del Quirinale","og_description":"Museo Nazionale Romano Galleria degli Uffizi Musei Capitolini Albertina Collezione Alexandre Wakhevitch Biblioteca Apostolica Vaticana Musei Vaticani Mus\u00e9es de la Ville de B\u00e9ziers Mus\u00e9e des Beaux-Arts Mus\u00e9e du Louvre &#8211; D\u00e9partement des Arts Graphiques Mus\u00e9e du Louvre &#8211; D\u00e9partement des Peintures Staatliche Museen zu Berlin &#8211; Kupferstichkabinett Staatliche Kunstsammlungen Dresden Skulpturensammlung Claudia Zell-Schoeppler St\u00e4del Museum [...]Read More... from Register of lenders","og_url":"https:\/\/scuderiequirinale.it\/en\/albo-prestatori\/","og_site_name":"Scuderie del Quirinale","article_modified_time":"2024-10-28T11:54:43+00:00","twitter_card":"summary_large_image","twitter_misc":{"Est. reading time":"3 minutes"},"schema":{"@context":"https:\/\/schema.org","@graph":[{"@type":"WebPage","@id":"https:\/\/scuderiequirinale.it\/en\/albo-prestatori\/","url":"https:\/\/scuderiequirinale.it\/en\/albo-prestatori\/","name":"Register of lenders | Scuderie del Quirinale","isPartOf":{"@id":"https:\/\/scuderiequirinale.it\/#website"},"datePublished":"2024-10-22T10:52:13+00:00","dateModified":"2024-10-28T11:54:43+00:00","inLanguage":"en-US","potentialAction":[{"@type":"ReadAction","target":["https:\/\/scuderiequirinale.it\/en\/albo-prestatori\/"]}]},{"@type":"WebSite","@id":"https:\/\/scuderiequirinale.it\/#website","url":"https:\/\/scuderiequirinale.it\/","name":"Scuderie del Quirinale","description":"","potentialAction":[{"@type":"SearchAction","target":{"@type":"EntryPoint","urlTemplate":"https:\/\/scuderiequirinale.it\/?s={search_term_string}"},"query-input":{"@type":"PropertyValueSpecification","valueRequired":true,"valueName":"search_term_string"}}],"inLanguage":"en-US"}]}},"_links":{"self":[{"href":"https:\/\/scuderiequirinale.it\/en\/wp-json\/wp\/v2\/pages\/3431","targetHints":{"allow":["GET"]}}],"collection":[{"href":"https:\/\/scuderiequirinale.it\/en\/wp-json\/wp\/v2\/pages"}],"about":[{"href":"https:\/\/scuderiequirinale.it\/en\/wp-json\/wp\/v2\/types\/page"}],"author":[{"embeddable":true,"href":"https:\/\/scuderiequirinale.it\/en\/wp-json\/wp\/v2\/users\/1"}],"replies":[{"embeddable":true,"href":"https:\/\/scuderiequirinale.it\/en\/wp-json\/wp\/v2\/comments?post=3431"}],"version-history":[{"count":2,"href":"https:\/\/scuderiequirinale.it\/en\/wp-json\/wp\/v2\/pages\/3431\/revisions"}],"predecessor-version":[{"id":3434,"href":"https:\/\/scuderiequirinale.it\/en\/wp-json\/wp\/v2\/pages\/3431\/revisions\/3434"}],"wp:attachment":[{"href":"https:\/\/scuderiequirinale.it\/en\/wp-json\/wp\/v2\/media?parent=3431"}],"curies":[{"name":"wp","href":"https:\/\/api.w.org\/{rel}","templated":true}]}}